{"id":16440,"date":"2025-11-30T01:15:02","date_gmt":"2025-11-30T00:15:02","guid":{"rendered":"https:\/\/tgin.cat\/proyectos\/"},"modified":"2026-01-05T11:13:15","modified_gmt":"2026-01-05T10:13:15","slug":"proyectos","status":"publish","type":"page","link":"https:\/\/tgin.cat\/es\/proyectos\/","title":{"rendered":"Proyectos"},"content":{"rendered":"\t\t<div data-elementor-type=\"wp-page\" data-elementor-id=\"16440\" class=\"elementor elementor-16440 elementor-7386\">\n\t\t\t\t<div class=\"elementor-element elementor-element-a35c79b e-flex e-con-boxed pxl-column-none pxl-row-scroll-none pxl-zoom-point-false pxl-section-overflow-visible pxl-section-fix-none pxl-full-content-with-space-none pxl-bg-color-none pxl-section-overlay-none e-con e-parent \" data-id=\"a35c79b\" data-element_type=\"container\">\t\t\t<div class=\"e-con-inner\">\r\n\t\t<div class=\"elementor-element elementor-element-3faaa54 e-con-full e-flex pxl-column-none pxl-row-scroll-none pxl-zoom-point-false pxl-section-overflow-visible pxl-section-fix-none pxl-full-content-with-space-none pxl-bg-color-none pxl-section-overlay-none e-con e-child \" data-id=\"3faaa54\" data-element_type=\"container\">\t\t<div class=\"elementor-element elementor-element-bfe36a9 elementor-widget elementor-widget-pxl_heading\" data-id=\"bfe36a9\" data-element_type=\"widget\" data-widget_type=\"pxl_heading.default\">\n\t\t\t\t<div class=\"elementor-widget-container\">\n\t\t\t\t\t\n<div id=\"pxl-pxl_heading-bfe36a9-8772\" class=\"pxl-heading px-sub-title-default-style \">\n\t<div class=\"pxl-heading--inner\">\n\t\t<div class=\"pxl-heading-content\">\n\t\t\t\n\t\t\t<h3 class=\"pxl-item--title clip style-default highlight-default \" data-wow-delay=\"ms\">\n\t\t\t\t\n\t\t\t\t\n\t\t\t\t\t\t\t\t\tProyectos\t\n\t\t\t\t\t\n\t\t\t<\/h3>\n\t\t<\/div>\n\t<\/div>\n<\/div>\t\t\t\t<\/div>\n\t\t\t\t<\/div>\n\t\t\t\t<div class=\"elementor-element elementor-element-616a8fc pxl-post-layout-portfolio-2 elementor-widget elementor-widget-pxl_post_grid\" data-id=\"616a8fc\" data-element_type=\"widget\" data-widget_type=\"pxl_post_grid.default\">\n\t\t\t\t<div class=\"elementor-widget-container\">\n\t\t\t\t\t\n<div id=\"pxl_post_grid-616a8fc-1054\" class=\"pxl-grid pxl-portfolio-grid pxl-portfolio-grid-layout2\" data-start-page=\"1\" data-max-pages=\"0\" data-total=\"20\" data-perpage=\"-1\" data-next-link=\"https:\/\/tgin.cat\/es\/wp-json\/wp\/v2\/pages\/16440\/page\/2\/\" data-layout=\"fitRows\">\n            <div class=\"pxl-grid-filter normal style-3\">\n            <div class=\"pxl--filter-inner\">\n                <span class=\"filter-item active\" data-filter=\"*\">\n                    <span class=\"cat-name\">\n                    Todos los proyectos                    <\/span>\n                <\/span>\n                                                                            <span class=\"filter-item\" data-filter=\".equipamientos\">\n                        <span class=\"cat-name\">\n                             Equipamientos                        <\/span>\n                    <\/span>\n                                                                            <span class=\"filter-item\" data-filter=\".vivienda-privada\">\n                        <span class=\"cat-name\">\n                             Vivienda privada                        <\/span>\n                    <\/span>\n                                                                            <span class=\"filter-item\" data-filter=\".vivienda-publica\">\n                        <span class=\"cat-name\">\n                             Vivienda p\u00fablica                        <\/span>\n                    <\/span>\n                            <\/div>\n        <\/div>\n    \n    <div class=\"pxl-grid-inner pxl-grid-masonry row\" data-gutter=\"15\">\n        <div class=\"grid-sizer col-xl-6 col-lg-6 col-md-12 col-sm-12 col-12\"><\/div>\n                        <div class=\"pxl-grid-item col-xl-6 col-lg-6 col-md-12 col-sm-12 col-12 equipamientos\">\n                    <div class=\"pxl-post--inner \" data-wow-duration=\"1.2s\">\n                        <div class=\"pxl-post--featured hover-imge-effect3\">\n                            <div class=\"pxl-featured-img\">\n                                <img fetchpriority=\"high\" decoding=\"async\" class=\"no-lazyload \" src=\"https:\/\/tgin.cat\/wp-content\/uploads\/2025\/12\/fotomuntatge-CRAE-scaled-895x597.jpg\" width=\"895\" height=\"597\" alt=\"Fotomontaje de la fachada principal del centro residencial educativo en Badalona\" title=\"fotomontaje CRAE\" \/>                                <span class=\"pxl-post--overlay\"><\/span>\n                            <\/div>\n                        <\/div>\n                        <div class=\"pxl-post--holder\">\n                            <div class=\"pxl-content-holder\">\n                                <div class=\"pxl-category-title\">\n                                    <h6 class=\"pxl-post--title title-hover-line\">\n                                        <a class=\"pxl-holder-link\" href=\"https:\/\/tgin.cat\/es\/portfolio\/centro-residencial-educativo-en-badalona-c-r-a-e\/\">\n                                            Centro Residencial Educativo en Badalona &#8211; C.R.A.E.                                        <\/a>\n                                    <\/h6>\n                                                                            <div class=\"pxl-category\">\n                                            <div class=\"pxl-post--category no_a\">\n                                                Equipamientos                                            <\/div>\n                                        <\/div>\n                                                                    <\/div>\n                                <div class=\"pxl-excerpt-btn\">\n                                                                            <div class=\"pxl-item--content\">\n                                            The Residential Educational Center in Badalona is conceived as a facility at the service of reception and educational support...                                        <\/div>\n                                                                                                                <div class=\"pxl-post--btn\">\n                                            <a class=\"pxl-item-btn btn pxl-icon-active  btn-style1  pxl-icon--right\" href=\"https:\/\/tgin.cat\/es\/portfolio\/centro-residencial-educativo-en-badalona-c-r-a-e\/\">\n                                                <svg xmlns=\"http:\/\/www.w3.org\/2000\/svg\" class=\"pxl-button-arrow\" width=\"23\" height=\"13\" viewBox=\"0 0 23 13\" fill=\"none\"><path d=\"M0 6.5H22M22 6.5L16 1M22 6.5L16 12\" stroke=\"#121212\" stroke-width=\"1.5\" stroke-linejoin=\"round\"><\/path><\/svg>\n                                                <span class=\"pxl-btn-title\">Ver proyecto<\/span>\n                                            <\/a>\n                                        <\/div>\n                                                                    <\/div>\n                            <\/div>\n                        <\/div>\n                    <\/div>\n                <\/div>\n                                    <div class=\"pxl-grid-item col-xl-6 col-lg-6 col-md-12 col-sm-12 col-12 equipamientos\">\n                    <div class=\"pxl-post--inner \" data-wow-duration=\"1.2s\">\n                        <div class=\"pxl-post--featured hover-imge-effect3\">\n                            <div class=\"pxl-featured-img\">\n                                <img decoding=\"async\" class=\"no-lazyload \" src=\"https:\/\/tgin.cat\/wp-content\/uploads\/2025\/12\/portada_esglesia_ortodoxa_barcelona2.jpg\" width=\"760\" height=\"543\" alt=\"fachada arquitect\u00f3nica iglesia ortodoxa en Sant Andreu, Barcelona\" title=\"portada_esglesia_ortodoxa_barcelona2\" \/>                                <span class=\"pxl-post--overlay\"><\/span>\n                            <\/div>\n                        <\/div>\n                        <div class=\"pxl-post--holder\">\n                            <div class=\"pxl-content-holder\">\n                                <div class=\"pxl-category-title\">\n                                    <h6 class=\"pxl-post--title title-hover-line\">\n                                        <a class=\"pxl-holder-link\" href=\"https:\/\/tgin.cat\/es\/portfolio\/iglesia-ortodoxa-rumana-de-barcelona\/\">\n                                            Iglesia Ortodoxa Rumana de Barcelona                                        <\/a>\n                                    <\/h6>\n                                                                            <div class=\"pxl-category\">\n                                            <div class=\"pxl-post--category no_a\">\n                                                Equipamientos                                            <\/div>\n                                        <\/div>\n                                                                    <\/div>\n                                <div class=\"pxl-excerpt-btn\">\n                                                                            <div class=\"pxl-item--content\">\n                                            Este proyecto para la Iglesia Ortodoxa Rumana de Barcelona plantea un espacio de culto que combina tradici\u00f3n y arquitectura...                                        <\/div>\n                                                                                                                <div class=\"pxl-post--btn\">\n                                            <a class=\"pxl-item-btn btn pxl-icon-active  btn-style1  pxl-icon--right\" href=\"https:\/\/tgin.cat\/es\/portfolio\/iglesia-ortodoxa-rumana-de-barcelona\/\">\n                                                <svg xmlns=\"http:\/\/www.w3.org\/2000\/svg\" class=\"pxl-button-arrow\" width=\"23\" height=\"13\" viewBox=\"0 0 23 13\" fill=\"none\"><path d=\"M0 6.5H22M22 6.5L16 1M22 6.5L16 12\" stroke=\"#121212\" stroke-width=\"1.5\" stroke-linejoin=\"round\"><\/path><\/svg>\n                                                <span class=\"pxl-btn-title\">Ver proyecto<\/span>\n                                            <\/a>\n                                        <\/div>\n                                                                    <\/div>\n                            <\/div>\n                        <\/div>\n                    <\/div>\n                <\/div>\n                                    <div class=\"pxl-grid-item col-xl-6 col-lg-6 col-md-12 col-sm-12 col-12 equipamientos\">\n                    <div class=\"pxl-post--inner \" data-wow-duration=\"1.2s\">\n                        <div class=\"pxl-post--featured hover-imge-effect3\">\n                            <div class=\"pxl-featured-img\">\n                                <img decoding=\"async\" class=\"no-lazyload \" src=\"https:\/\/tgin.cat\/wp-content\/uploads\/2025\/12\/pro-19-club-padel-b.jpg\" width=\"378\" height=\"184\" alt=\"Pistas de p\u00e1del del Club Fairplay Barcelona integradas en el equipamiento deportivo\" title=\"pro-19-club-padel-b\" \/>                                <span class=\"pxl-post--overlay\"><\/span>\n                            <\/div>\n                        <\/div>\n                        <div class=\"pxl-post--holder\">\n                            <div class=\"pxl-content-holder\">\n                                <div class=\"pxl-category-title\">\n                                    <h6 class=\"pxl-post--title title-hover-line\">\n                                        <a class=\"pxl-holder-link\" href=\"https:\/\/tgin.cat\/es\/portfolio\/club-de-padel-fairplay-barcelona\/\">\n                                            Club de P\u00e1del Fairplay Barcelona                                        <\/a>\n                                    <\/h6>\n                                                                            <div class=\"pxl-category\">\n                                            <div class=\"pxl-post--category no_a\">\n                                                Equipamientos                                            <\/div>\n                                        <\/div>\n                                                                    <\/div>\n                                <div class=\"pxl-excerpt-btn\">\n                                                                            <div class=\"pxl-item--content\">\n                                            El Club de P\u00e1del Fairplay en Barcelona se concibe como un equipamiento deportivo pensado para combinar actividad f\u00edsica, espacios de encuentro...                                        <\/div>\n                                                                                                                <div class=\"pxl-post--btn\">\n                                            <a class=\"pxl-item-btn btn pxl-icon-active  btn-style1  pxl-icon--right\" href=\"https:\/\/tgin.cat\/es\/portfolio\/club-de-padel-fairplay-barcelona\/\">\n                                                <svg xmlns=\"http:\/\/www.w3.org\/2000\/svg\" class=\"pxl-button-arrow\" width=\"23\" height=\"13\" viewBox=\"0 0 23 13\" fill=\"none\"><path d=\"M0 6.5H22M22 6.5L16 1M22 6.5L16 12\" stroke=\"#121212\" stroke-width=\"1.5\" stroke-linejoin=\"round\"><\/path><\/svg>\n                                                <span class=\"pxl-btn-title\">Ver proyecto<\/span>\n                                            <\/a>\n                                        <\/div>\n                                                                    <\/div>\n                            <\/div>\n                        <\/div>\n                    <\/div>\n                <\/div>\n                                    <div class=\"pxl-grid-item col-xl-6 col-lg-6 col-md-12 col-sm-12 col-12 equipamientos\">\n                    <div class=\"pxl-post--inner \" data-wow-duration=\"1.2s\">\n                        <div class=\"pxl-post--featured hover-imge-effect3\">\n                            <div class=\"pxl-featured-img\">\n                                <img loading=\"lazy\" decoding=\"async\" class=\"no-lazyload \" src=\"https:\/\/tgin.cat\/wp-content\/uploads\/2025\/12\/pro-20-arquitectura-sostenible-a.jpg\" width=\"378\" height=\"260\" alt=\"Escuela tipo sostenible integrada en un entorno natural en Burkina Faso\" title=\"pro-20-arquitectura-sostenible-a\" \/>                                <span class=\"pxl-post--overlay\"><\/span>\n                            <\/div>\n                        <\/div>\n                        <div class=\"pxl-post--holder\">\n                            <div class=\"pxl-content-holder\">\n                                <div class=\"pxl-category-title\">\n                                    <h6 class=\"pxl-post--title title-hover-line\">\n                                        <a class=\"pxl-holder-link\" href=\"https:\/\/tgin.cat\/es\/portfolio\/estudio-para-escuela-tipo-en-burkina-faso\/\">\n                                            Estudio para escuela tipo en Burkina Faso                                        <\/a>\n                                    <\/h6>\n                                                                            <div class=\"pxl-category\">\n                                            <div class=\"pxl-post--category no_a\">\n                                                Equipamientos                                            <\/div>\n                                        <\/div>\n                                                                    <\/div>\n                                <div class=\"pxl-excerpt-btn\">\n                                                                            <div class=\"pxl-item--content\">\n                                            Este estudio plantea una escuela tipo adaptada al contexto clim\u00e1tico y social de Burkina Faso, con criterios de arquitectura sostenible...                                        <\/div>\n                                                                                                                <div class=\"pxl-post--btn\">\n                                            <a class=\"pxl-item-btn btn pxl-icon-active  btn-style1  pxl-icon--right\" href=\"https:\/\/tgin.cat\/es\/portfolio\/estudio-para-escuela-tipo-en-burkina-faso\/\">\n                                                <svg xmlns=\"http:\/\/www.w3.org\/2000\/svg\" class=\"pxl-button-arrow\" width=\"23\" height=\"13\" viewBox=\"0 0 23 13\" fill=\"none\"><path d=\"M0 6.5H22M22 6.5L16 1M22 6.5L16 12\" stroke=\"#121212\" stroke-width=\"1.5\" stroke-linejoin=\"round\"><\/path><\/svg>\n                                                <span class=\"pxl-btn-title\">Ver proyecto<\/span>\n                                            <\/a>\n                                        <\/div>\n                                                                    <\/div>\n                            <\/div>\n                        <\/div>\n                    <\/div>\n                <\/div>\n                                    <div class=\"pxl-grid-item col-xl-6 col-lg-6 col-md-12 col-sm-12 col-12 vivienda-privada\">\n                    <div class=\"pxl-post--inner \" data-wow-duration=\"1.2s\">\n                        <div class=\"pxl-post--featured hover-imge-effect3\">\n                            <div class=\"pxl-featured-img\">\n                                <img loading=\"lazy\" decoding=\"async\" class=\"no-lazyload \" src=\"https:\/\/tgin.cat\/wp-content\/uploads\/2025\/12\/pro-18-reforma-la-cerdanya-a.jpg\" width=\"378\" height=\"232\" alt=\"Rehabilitaci\u00f3n de fachada de una unidad ceretana integrada en el entorno natural de la Cerda\u00f1a\" title=\"pro-18-reforma-la-cerdanya-a\" \/>                                <span class=\"pxl-post--overlay\"><\/span>\n                            <\/div>\n                        <\/div>\n                        <div class=\"pxl-post--holder\">\n                            <div class=\"pxl-content-holder\">\n                                <div class=\"pxl-category-title\">\n                                    <h6 class=\"pxl-post--title title-hover-line\">\n                                        <a class=\"pxl-holder-link\" href=\"https:\/\/tgin.cat\/es\/portfolio\/rehabilitacion-de-una-unidad-ceretana\/\">\n                                            Rehabilitaci\u00f3n de una unidad ceretana                                        <\/a>\n                                    <\/h6>\n                                                                            <div class=\"pxl-category\">\n                                            <div class=\"pxl-post--category no_a\">\n                                                Vivienda privada                                            <\/div>\n                                        <\/div>\n                                                                    <\/div>\n                                <div class=\"pxl-excerpt-btn\">\n                                                                            <div class=\"pxl-item--content\">\n                                            La rehabilitaci\u00f3n de esta unidad ceretana parte del respeto por la arquitectura tradicional de la Cerdanya, reinterpret\u00e1ndola con criterios...                                        <\/div>\n                                                                                                                <div class=\"pxl-post--btn\">\n                                            <a class=\"pxl-item-btn btn pxl-icon-active  btn-style1  pxl-icon--right\" href=\"https:\/\/tgin.cat\/es\/portfolio\/rehabilitacion-de-una-unidad-ceretana\/\">\n                                                <svg xmlns=\"http:\/\/www.w3.org\/2000\/svg\" class=\"pxl-button-arrow\" width=\"23\" height=\"13\" viewBox=\"0 0 23 13\" fill=\"none\"><path d=\"M0 6.5H22M22 6.5L16 1M22 6.5L16 12\" stroke=\"#121212\" stroke-width=\"1.5\" stroke-linejoin=\"round\"><\/path><\/svg>\n                                                <span class=\"pxl-btn-title\">Ver proyecto<\/span>\n                                            <\/a>\n                                        <\/div>\n                                                                    <\/div>\n                            <\/div>\n                        <\/div>\n                    <\/div>\n                <\/div>\n                                    <div class=\"pxl-grid-item col-xl-6 col-lg-6 col-md-12 col-sm-12 col-12 vivienda-publica\">\n                    <div class=\"pxl-post--inner \" data-wow-duration=\"1.2s\">\n                        <div class=\"pxl-post--featured hover-imge-effect3\">\n                            <div class=\"pxl-featured-img\">\n                                <img loading=\"lazy\" decoding=\"async\" class=\"no-lazyload \" src=\"https:\/\/tgin.cat\/wp-content\/uploads\/2010\/10\/22-01-alp-F-895x597.jpg\" width=\"895\" height=\"597\" alt=\"Conjunto de viviendas protegidas con arquitectura integrada en el paisaje de Alp\" title=\"22-01 alp F\" \/>                                <span class=\"pxl-post--overlay\"><\/span>\n                            <\/div>\n                        <\/div>\n                        <div class=\"pxl-post--holder\">\n                            <div class=\"pxl-content-holder\">\n                                <div class=\"pxl-category-title\">\n                                    <h6 class=\"pxl-post--title title-hover-line\">\n                                        <a class=\"pxl-holder-link\" href=\"https:\/\/tgin.cat\/es\/portfolio\/12-viviendas-protegidas-y-consultorio-medico-en-alp\/\">\n                                            12 viviendas protegidas y consultorio m\u00e9dico en Alp                                        <\/a>\n                                    <\/h6>\n                                                                            <div class=\"pxl-category\">\n                                            <div class=\"pxl-post--category no_a\">\n                                                Vivienda p\u00fablica                                            <\/div>\n                                        <\/div>\n                                                                    <\/div>\n                                <div class=\"pxl-excerpt-btn\">\n                                                                            <div class=\"pxl-item--content\">\n                                            Este proyecto combina vivienda protegida y equipamiento sanitario en un \u00fanico conjunto arquitect\u00f3nico, adaptado al contexto urbano y paisaj\u00edstico...                                        <\/div>\n                                                                                                                <div class=\"pxl-post--btn\">\n                                            <a class=\"pxl-item-btn btn pxl-icon-active  btn-style1  pxl-icon--right\" href=\"https:\/\/tgin.cat\/es\/portfolio\/12-viviendas-protegidas-y-consultorio-medico-en-alp\/\">\n                                                <svg xmlns=\"http:\/\/www.w3.org\/2000\/svg\" class=\"pxl-button-arrow\" width=\"23\" height=\"13\" viewBox=\"0 0 23 13\" fill=\"none\"><path d=\"M0 6.5H22M22 6.5L16 1M22 6.5L16 12\" stroke=\"#121212\" stroke-width=\"1.5\" stroke-linejoin=\"round\"><\/path><\/svg>\n                                                <span class=\"pxl-btn-title\">Ver proyecto<\/span>\n                                            <\/a>\n                                        <\/div>\n                                                                    <\/div>\n                            <\/div>\n                        <\/div>\n                    <\/div>\n                <\/div>\n                                    <div class=\"pxl-grid-item col-xl-6 col-lg-6 col-md-12 col-sm-12 col-12 vivienda-publica\">\n                    <div class=\"pxl-post--inner \" data-wow-duration=\"1.2s\">\n                        <div class=\"pxl-post--featured hover-imge-effect3\">\n                            <div class=\"pxl-featured-img\">\n                                <img loading=\"lazy\" decoding=\"async\" class=\"no-lazyload \" src=\"https:\/\/tgin.cat\/wp-content\/uploads\/2009\/09\/portada_carmel.jpg\" width=\"760\" height=\"543\" alt=\"Fachada de viviendas protegidas en el Carmel, Barcelona\" title=\"portada_carmel\" \/>                                <span class=\"pxl-post--overlay\"><\/span>\n                            <\/div>\n                        <\/div>\n                        <div class=\"pxl-post--holder\">\n                            <div class=\"pxl-content-holder\">\n                                <div class=\"pxl-category-title\">\n                                    <h6 class=\"pxl-post--title title-hover-line\">\n                                        <a class=\"pxl-holder-link\" href=\"https:\/\/tgin.cat\/es\/portfolio\/5-viviendas-protegidas-y-local-en-barcelona\/\">\n                                            5 viviendas protegidas y local en Barcelona                                        <\/a>\n                                    <\/h6>\n                                                                            <div class=\"pxl-category\">\n                                            <div class=\"pxl-post--category no_a\">\n                                                Vivienda p\u00fablica                                            <\/div>\n                                        <\/div>\n                                                                    <\/div>\n                                <div class=\"pxl-excerpt-btn\">\n                                                                            <div class=\"pxl-item--content\">\n                                            El proyecto de 5 viviendas protegidas con local en Barcelona, \u200b\u200bsituado en el barrio del Carmel, resuelve un programa residencial...                                        <\/div>\n                                                                                                                <div class=\"pxl-post--btn\">\n                                            <a class=\"pxl-item-btn btn pxl-icon-active  btn-style1  pxl-icon--right\" href=\"https:\/\/tgin.cat\/es\/portfolio\/5-viviendas-protegidas-y-local-en-barcelona\/\">\n                                                <svg xmlns=\"http:\/\/www.w3.org\/2000\/svg\" class=\"pxl-button-arrow\" width=\"23\" height=\"13\" viewBox=\"0 0 23 13\" fill=\"none\"><path d=\"M0 6.5H22M22 6.5L16 1M22 6.5L16 12\" stroke=\"#121212\" stroke-width=\"1.5\" stroke-linejoin=\"round\"><\/path><\/svg>\n                                                <span class=\"pxl-btn-title\">Ver proyecto<\/span>\n                                            <\/a>\n                                        <\/div>\n                                                                    <\/div>\n                            <\/div>\n                        <\/div>\n                    <\/div>\n                <\/div>\n                                    <div class=\"pxl-grid-item col-xl-6 col-lg-6 col-md-12 col-sm-12 col-12 equipamientos\">\n                    <div class=\"pxl-post--inner \" data-wow-duration=\"1.2s\">\n                        <div class=\"pxl-post--featured hover-imge-effect3\">\n                            <div class=\"pxl-featured-img\">\n                                <img loading=\"lazy\" decoding=\"async\" class=\"no-lazyload \" src=\"https:\/\/tgin.cat\/wp-content\/uploads\/2025\/12\/facana-scaled-895x597.jpg\" width=\"895\" height=\"597\" alt=\"Arquitectura exterior del equipamiento educativo con volumetr\u00eda clara\" title=\"fachada\" \/>                                <span class=\"pxl-post--overlay\"><\/span>\n                            <\/div>\n                        <\/div>\n                        <div class=\"pxl-post--holder\">\n                            <div class=\"pxl-content-holder\">\n                                <div class=\"pxl-category-title\">\n                                    <h6 class=\"pxl-post--title title-hover-line\">\n                                        <a class=\"pxl-holder-link\" href=\"https:\/\/tgin.cat\/es\/portfolio\/guarderia-en-els-hostalets-de-pierola\/\">\n                                            Guarder\u00eda en Els Hostalets de Pierola                                        <\/a>\n                                    <\/h6>\n                                                                            <div class=\"pxl-category\">\n                                            <div class=\"pxl-post--category no_a\">\n                                                Equipamientos                                            <\/div>\n                                        <\/div>\n                                                                    <\/div>\n                                <div class=\"pxl-excerpt-btn\">\n                                                                            <div class=\"pxl-item--content\">\n                                            Este proyecto de guarder\u00eda se plantea como un equipamiento educativo de proximidad, pensado para ofrecer espacios seguros, funcionales...                                        <\/div>\n                                                                                                                <div class=\"pxl-post--btn\">\n                                            <a class=\"pxl-item-btn btn pxl-icon-active  btn-style1  pxl-icon--right\" href=\"https:\/\/tgin.cat\/es\/portfolio\/guarderia-en-els-hostalets-de-pierola\/\">\n                                                <svg xmlns=\"http:\/\/www.w3.org\/2000\/svg\" class=\"pxl-button-arrow\" width=\"23\" height=\"13\" viewBox=\"0 0 23 13\" fill=\"none\"><path d=\"M0 6.5H22M22 6.5L16 1M22 6.5L16 12\" stroke=\"#121212\" stroke-width=\"1.5\" stroke-linejoin=\"round\"><\/path><\/svg>\n                                                <span class=\"pxl-btn-title\">Ver proyecto<\/span>\n                                            <\/a>\n                                        <\/div>\n                                                                    <\/div>\n                            <\/div>\n                        <\/div>\n                    <\/div>\n                <\/div>\n                                    <div class=\"pxl-grid-item col-xl-6 col-lg-6 col-md-12 col-sm-12 col-12 vivienda-publica\">\n                    <div class=\"pxl-post--inner \" data-wow-duration=\"1.2s\">\n                        <div class=\"pxl-post--featured hover-imge-effect3\">\n                            <div class=\"pxl-featured-img\">\n                                <img loading=\"lazy\" decoding=\"async\" class=\"no-lazyload \" src=\"https:\/\/tgin.cat\/wp-content\/uploads\/2025\/12\/16-01-gelida-F-general-895x597.jpg\" width=\"895\" height=\"597\" alt=\"Fachada de edificio de vivienda p\u00fablica en Gelida\" title=\"16-01 gelida F general\" \/>                                <span class=\"pxl-post--overlay\"><\/span>\n                            <\/div>\n                        <\/div>\n                        <div class=\"pxl-post--holder\">\n                            <div class=\"pxl-content-holder\">\n                                <div class=\"pxl-category-title\">\n                                    <h6 class=\"pxl-post--title title-hover-line\">\n                                        <a class=\"pxl-holder-link\" href=\"https:\/\/tgin.cat\/es\/portfolio\/20-viviendas-protegidas-en-gelida\/\">\n                                            20 viviendas protegidas en Gelida                                        <\/a>\n                                    <\/h6>\n                                                                            <div class=\"pxl-category\">\n                                            <div class=\"pxl-post--category no_a\">\n                                                Vivienda p\u00fablica                                            <\/div>\n                                        <\/div>\n                                                                    <\/div>\n                                <div class=\"pxl-excerpt-btn\">\n                                                                            <div class=\"pxl-item--content\">\n                                            Este proyecto de vivienda protegida en Gelida se ha planteado desde una mirada funcional y sostenible, atendiendo tanto al contexto urbano...                                        <\/div>\n                                                                                                                <div class=\"pxl-post--btn\">\n                                            <a class=\"pxl-item-btn btn pxl-icon-active  btn-style1  pxl-icon--right\" href=\"https:\/\/tgin.cat\/es\/portfolio\/20-viviendas-protegidas-en-gelida\/\">\n                                                <svg xmlns=\"http:\/\/www.w3.org\/2000\/svg\" class=\"pxl-button-arrow\" width=\"23\" height=\"13\" viewBox=\"0 0 23 13\" fill=\"none\"><path d=\"M0 6.5H22M22 6.5L16 1M22 6.5L16 12\" stroke=\"#121212\" stroke-width=\"1.5\" stroke-linejoin=\"round\"><\/path><\/svg>\n                                                <span class=\"pxl-btn-title\">Ver proyecto<\/span>\n                                            <\/a>\n                                        <\/div>\n                                                                    <\/div>\n                            <\/div>\n                        <\/div>\n                    <\/div>\n                <\/div>\n                                    <div class=\"pxl-grid-item col-xl-6 col-lg-6 col-md-12 col-sm-12 col-12 vivienda-privada\">\n                    <div class=\"pxl-post--inner \" data-wow-duration=\"1.2s\">\n                        <div class=\"pxl-post--featured hover-imge-effect3\">\n                            <div class=\"pxl-featured-img\">\n                                <img loading=\"lazy\" decoding=\"async\" class=\"no-lazyload \" src=\"https:\/\/tgin.cat\/wp-content\/uploads\/2025\/12\/1-scaled-895x597.jpg\" width=\"895\" height=\"597\" alt=\"Fachada principal de dos casas familiares aisladas con arquitectura contempor\u00e1nea en Bellaterra\" title=\"Impresi\u00f3n de fax de p\u00e1gina completa\" \/>                                <span class=\"pxl-post--overlay\"><\/span>\n                            <\/div>\n                        <\/div>\n                        <div class=\"pxl-post--holder\">\n                            <div class=\"pxl-content-holder\">\n                                <div class=\"pxl-category-title\">\n                                    <h6 class=\"pxl-post--title title-hover-line\">\n                                        <a class=\"pxl-holder-link\" href=\"https:\/\/tgin.cat\/es\/portfolio\/2-casas-familiares-aisladas-en-bellaterra\/\">\n                                            2 casas familiares aisladas en Bellaterra                                        <\/a>\n                                    <\/h6>\n                                                                            <div class=\"pxl-category\">\n                                            <div class=\"pxl-post--category no_a\">\n                                                Vivienda privada                                            <\/div>\n                                        <\/div>\n                                                                    <\/div>\n                                <div class=\"pxl-excerpt-btn\">\n                                                                            <div class=\"pxl-item--content\">\n                                            El proyecto de dos casas familiares aisladas en Bellaterra plantea una arquitectura residencial integrada en el entorno, con una...                                        <\/div>\n                                                                                                                <div class=\"pxl-post--btn\">\n                                            <a class=\"pxl-item-btn btn pxl-icon-active  btn-style1  pxl-icon--right\" href=\"https:\/\/tgin.cat\/es\/portfolio\/2-casas-familiares-aisladas-en-bellaterra\/\">\n                                                <svg xmlns=\"http:\/\/www.w3.org\/2000\/svg\" class=\"pxl-button-arrow\" width=\"23\" height=\"13\" viewBox=\"0 0 23 13\" fill=\"none\"><path d=\"M0 6.5H22M22 6.5L16 1M22 6.5L16 12\" stroke=\"#121212\" stroke-width=\"1.5\" stroke-linejoin=\"round\"><\/path><\/svg>\n                                                <span class=\"pxl-btn-title\">Ver proyecto<\/span>\n                                            <\/a>\n                                        <\/div>\n                                                                    <\/div>\n                            <\/div>\n                        <\/div>\n                    <\/div>\n                <\/div>\n                                    <div class=\"pxl-grid-item col-xl-6 col-lg-6 col-md-12 col-sm-12 col-12 vivienda-privada\">\n                    <div class=\"pxl-post--inner \" data-wow-duration=\"1.2s\">\n                        <div class=\"pxl-post--featured hover-imge-effect3\">\n                            <div class=\"pxl-featured-img\">\n                                <img loading=\"lazy\" decoding=\"async\" class=\"no-lazyload \" src=\"https:\/\/tgin.cat\/wp-content\/uploads\/2025\/12\/05-01-consell-F-895x597.jpg\" width=\"895\" height=\"597\" alt=\"Vista inferior de la fachada de un edificio residencial entre medianeras en el centro urbano\" title=\"05-01 consell F\" \/>                                <span class=\"pxl-post--overlay\"><\/span>\n                            <\/div>\n                        <\/div>\n                        <div class=\"pxl-post--holder\">\n                            <div class=\"pxl-content-holder\">\n                                <div class=\"pxl-category-title\">\n                                    <h6 class=\"pxl-post--title title-hover-line\">\n                                        <a class=\"pxl-holder-link\" href=\"https:\/\/tgin.cat\/es\/portfolio\/edificio-entre-medianeras-en-barcelona\/\">\n                                            Edificio entre medianeras en Barcelona                                        <\/a>\n                                    <\/h6>\n                                                                            <div class=\"pxl-category\">\n                                            <div class=\"pxl-post--category no_a\">\n                                                Vivienda privada                                            <\/div>\n                                        <\/div>\n                                                                    <\/div>\n                                <div class=\"pxl-excerpt-btn\">\n                                                                            <div class=\"pxl-item--content\">\n                                            Este edificio de viviendas entre medianeras situado en la calle Consell de Cent resuelve la inserci\u00f3n en un tejido urbano denso mediante una arquitectura...                                        <\/div>\n                                                                                                                <div class=\"pxl-post--btn\">\n                                            <a class=\"pxl-item-btn btn pxl-icon-active  btn-style1  pxl-icon--right\" href=\"https:\/\/tgin.cat\/es\/portfolio\/edificio-entre-medianeras-en-barcelona\/\">\n                                                <svg xmlns=\"http:\/\/www.w3.org\/2000\/svg\" class=\"pxl-button-arrow\" width=\"23\" height=\"13\" viewBox=\"0 0 23 13\" fill=\"none\"><path d=\"M0 6.5H22M22 6.5L16 1M22 6.5L16 12\" stroke=\"#121212\" stroke-width=\"1.5\" stroke-linejoin=\"round\"><\/path><\/svg>\n                                                <span class=\"pxl-btn-title\">Ver proyecto<\/span>\n                                            <\/a>\n                                        <\/div>\n                                                                    <\/div>\n                            <\/div>\n                        <\/div>\n                    <\/div>\n                <\/div>\n                                    <div class=\"pxl-grid-item col-xl-6 col-lg-6 col-md-12 col-sm-12 col-12 equipamientos\">\n                    <div class=\"pxl-post--inner \" data-wow-duration=\"1.2s\">\n                        <div class=\"pxl-post--featured hover-imge-effect3\">\n                            <div class=\"pxl-featured-img\">\n                                <img loading=\"lazy\" decoding=\"async\" class=\"no-lazyload \" src=\"https:\/\/tgin.cat\/wp-content\/uploads\/2025\/12\/01-06-residencia-F-scaled-895x597.jpg\" width=\"895\" height=\"597\" alt=\"Fachada principal de residencia para personas mayores con espacios exteriores accesibles\" title=\"01-06 residencia F\" \/>                                <span class=\"pxl-post--overlay\"><\/span>\n                            <\/div>\n                        <\/div>\n                        <div class=\"pxl-post--holder\">\n                            <div class=\"pxl-content-holder\">\n                                <div class=\"pxl-category-title\">\n                                    <h6 class=\"pxl-post--title title-hover-line\">\n                                        <a class=\"pxl-holder-link\" href=\"https:\/\/tgin.cat\/es\/portfolio\/ampliacion-residencia-tercera-edad-maria-reina\/\">\n                                            Ampliaci\u00f3n residencia tercera edad &#8220;Mar\u00eda Reina&#8221;                                        <\/a>\n                                    <\/h6>\n                                                                            <div class=\"pxl-category\">\n                                            <div class=\"pxl-post--category no_a\">\n                                                Equipamientos                                            <\/div>\n                                        <\/div>\n                                                                    <\/div>\n                                <div class=\"pxl-excerpt-btn\">\n                                                                            <div class=\"pxl-item--content\">\n                                            La ampliaci\u00f3n de la residencia de personas mayores Maria Reina responde a la necesidad de optimizar los espacios asistenciales existentes y...                                        <\/div>\n                                                                                                                <div class=\"pxl-post--btn\">\n                                            <a class=\"pxl-item-btn btn pxl-icon-active  btn-style1  pxl-icon--right\" href=\"https:\/\/tgin.cat\/es\/portfolio\/ampliacion-residencia-tercera-edad-maria-reina\/\">\n                                                <svg xmlns=\"http:\/\/www.w3.org\/2000\/svg\" class=\"pxl-button-arrow\" width=\"23\" height=\"13\" viewBox=\"0 0 23 13\" fill=\"none\"><path d=\"M0 6.5H22M22 6.5L16 1M22 6.5L16 12\" stroke=\"#121212\" stroke-width=\"1.5\" stroke-linejoin=\"round\"><\/path><\/svg>\n                                                <span class=\"pxl-btn-title\">Ver proyecto<\/span>\n                                            <\/a>\n                                        <\/div>\n                                                                    <\/div>\n                            <\/div>\n                        <\/div>\n                    <\/div>\n                <\/div>\n                                    <div class=\"pxl-grid-item col-xl-6 col-lg-6 col-md-12 col-sm-12 col-12 vivienda-publica\">\n                    <div class=\"pxl-post--inner \" data-wow-duration=\"1.2s\">\n                        <div class=\"pxl-post--featured hover-imge-effect3\">\n                            <div class=\"pxl-featured-img\">\n                                <img loading=\"lazy\" decoding=\"async\" class=\"no-lazyload \" src=\"https:\/\/tgin.cat\/wp-content\/uploads\/2007\/02\/10-07-prat-F-scaled-895x597.jpg\" width=\"895\" height=\"597\" alt=\"Fachada de un proyecto de vivienda p\u00fablica con criterios de arquitectura contempor\u00e1nea\" title=\"10-07 prat F\" \/>                                <span class=\"pxl-post--overlay\"><\/span>\n                            <\/div>\n                        <\/div>\n                        <div class=\"pxl-post--holder\">\n                            <div class=\"pxl-content-holder\">\n                                <div class=\"pxl-category-title\">\n                                    <h6 class=\"pxl-post--title title-hover-line\">\n                                        <a class=\"pxl-holder-link\" href=\"https:\/\/tgin.cat\/es\/portfolio\/41-viviendas-protegidas-en-el-prat-de-llobregat\/\">\n                                            41 viviendas protegidas en El Prat de Llobregat                                        <\/a>\n                                    <\/h6>\n                                                                            <div class=\"pxl-category\">\n                                            <div class=\"pxl-post--category no_a\">\n                                                Vivienda p\u00fablica                                            <\/div>\n                                        <\/div>\n                                                                    <\/div>\n                                <div class=\"pxl-excerpt-btn\">\n                                                                            <div class=\"pxl-item--content\">\n                                            Este proyecto de vivienda de protecci\u00f3n oficial plantea una arquitectura clara y funcional, pensada para dar respuesta a las necesidades...                                        <\/div>\n                                                                                                                <div class=\"pxl-post--btn\">\n                                            <a class=\"pxl-item-btn btn pxl-icon-active  btn-style1  pxl-icon--right\" href=\"https:\/\/tgin.cat\/es\/portfolio\/41-viviendas-protegidas-en-el-prat-de-llobregat\/\">\n                                                <svg xmlns=\"http:\/\/www.w3.org\/2000\/svg\" class=\"pxl-button-arrow\" width=\"23\" height=\"13\" viewBox=\"0 0 23 13\" fill=\"none\"><path d=\"M0 6.5H22M22 6.5L16 1M22 6.5L16 12\" stroke=\"#121212\" stroke-width=\"1.5\" stroke-linejoin=\"round\"><\/path><\/svg>\n                                                <span class=\"pxl-btn-title\">Ver proyecto<\/span>\n                                            <\/a>\n                                        <\/div>\n                                                                    <\/div>\n                            <\/div>\n                        <\/div>\n                    <\/div>\n                <\/div>\n                                    <div class=\"pxl-grid-item col-xl-6 col-lg-6 col-md-12 col-sm-12 col-12 vivienda-privada\">\n                    <div class=\"pxl-post--inner \" data-wow-duration=\"1.2s\">\n                        <div class=\"pxl-post--featured hover-imge-effect3\">\n                            <div class=\"pxl-featured-img\">\n                                <img loading=\"lazy\" decoding=\"async\" class=\"no-lazyload \" src=\"https:\/\/tgin.cat\/wp-content\/uploads\/2025\/12\/18-alp-895x597.jpg\" width=\"895\" height=\"597\" alt=\"Fachada de conjunto de viviendas adosadas con arquitectura integrada en el entorno de Alp\" title=\"18 alp\" \/>                                <span class=\"pxl-post--overlay\"><\/span>\n                            <\/div>\n                        <\/div>\n                        <div class=\"pxl-post--holder\">\n                            <div class=\"pxl-content-holder\">\n                                <div class=\"pxl-category-title\">\n                                    <h6 class=\"pxl-post--title title-hover-line\">\n                                        <a class=\"pxl-holder-link\" href=\"https:\/\/tgin.cat\/es\/portfolio\/3-viviendas-adosadas-en-alp\/\">\n                                            3 viviendas adosadas en Alp                                        <\/a>\n                                    <\/h6>\n                                                                            <div class=\"pxl-category\">\n                                            <div class=\"pxl-post--category no_a\">\n                                                Vivienda privada                                            <\/div>\n                                        <\/div>\n                                                                    <\/div>\n                                <div class=\"pxl-excerpt-btn\">\n                                                                            <div class=\"pxl-item--content\">\n                                            El proyecto de 3 viviendas adosadas a Alp plantea una arquitectura residencial integrada en el entorno ceretano, con una...                                        <\/div>\n                                                                                                                <div class=\"pxl-post--btn\">\n                                            <a class=\"pxl-item-btn btn pxl-icon-active  btn-style1  pxl-icon--right\" href=\"https:\/\/tgin.cat\/es\/portfolio\/3-viviendas-adosadas-en-alp\/\">\n                                                <svg xmlns=\"http:\/\/www.w3.org\/2000\/svg\" class=\"pxl-button-arrow\" width=\"23\" height=\"13\" viewBox=\"0 0 23 13\" fill=\"none\"><path d=\"M0 6.5H22M22 6.5L16 1M22 6.5L16 12\" stroke=\"#121212\" stroke-width=\"1.5\" stroke-linejoin=\"round\"><\/path><\/svg>\n                                                <span class=\"pxl-btn-title\">Ver proyecto<\/span>\n                                            <\/a>\n                                        <\/div>\n                                                                    <\/div>\n                            <\/div>\n                        <\/div>\n                    <\/div>\n                <\/div>\n                                    <div class=\"pxl-grid-item col-xl-6 col-lg-6 col-md-12 col-sm-12 col-12 vivienda-privada\">\n                    <div class=\"pxl-post--inner \" data-wow-duration=\"1.2s\">\n                        <div class=\"pxl-post--featured hover-imge-effect3\">\n                            <div class=\"pxl-featured-img\">\n                                <img loading=\"lazy\" decoding=\"async\" class=\"no-lazyload \" src=\"https:\/\/tgin.cat\/wp-content\/uploads\/2025\/12\/pro-12-habitatge-cereta-a.jpg\" width=\"378\" height=\"278\" alt=\"Fachada principal de una casa unifamiliar aislada integrada en un entorno natural en Prullans\" title=\"pro-12-vivienda-cereta-a\" \/>                                <span class=\"pxl-post--overlay\"><\/span>\n                            <\/div>\n                        <\/div>\n                        <div class=\"pxl-post--holder\">\n                            <div class=\"pxl-content-holder\">\n                                <div class=\"pxl-category-title\">\n                                    <h6 class=\"pxl-post--title title-hover-line\">\n                                        <a class=\"pxl-holder-link\" href=\"https:\/\/tgin.cat\/es\/portfolio\/casa-unifamiliar-aislada-en-prullans\/\">\n                                            Casa unifamiliar aislada en Prullans                                        <\/a>\n                                    <\/h6>\n                                                                            <div class=\"pxl-category\">\n                                            <div class=\"pxl-post--category no_a\">\n                                                Vivienda privada                                            <\/div>\n                                        <\/div>\n                                                                    <\/div>\n                                <div class=\"pxl-excerpt-btn\">\n                                                                            <div class=\"pxl-item--content\">\n                                            La casa unifamiliar aislada en Prullans se concibe como una vivienda integrada en el entorno natural, con una arquitectura clara y funcional...                                        <\/div>\n                                                                                                                <div class=\"pxl-post--btn\">\n                                            <a class=\"pxl-item-btn btn pxl-icon-active  btn-style1  pxl-icon--right\" href=\"https:\/\/tgin.cat\/es\/portfolio\/casa-unifamiliar-aislada-en-prullans\/\">\n                                                <svg xmlns=\"http:\/\/www.w3.org\/2000\/svg\" class=\"pxl-button-arrow\" width=\"23\" height=\"13\" viewBox=\"0 0 23 13\" fill=\"none\"><path d=\"M0 6.5H22M22 6.5L16 1M22 6.5L16 12\" stroke=\"#121212\" stroke-width=\"1.5\" stroke-linejoin=\"round\"><\/path><\/svg>\n                                                <span class=\"pxl-btn-title\">Ver proyecto<\/span>\n                                            <\/a>\n                                        <\/div>\n                                                                    <\/div>\n                            <\/div>\n                        <\/div>\n                    <\/div>\n                <\/div>\n                                    <div class=\"pxl-grid-item col-xl-6 col-lg-6 col-md-12 col-sm-12 col-12 vivienda-privada\">\n                    <div class=\"pxl-post--inner \" data-wow-duration=\"1.2s\">\n                        <div class=\"pxl-post--featured hover-imge-effect3\">\n                            <div class=\"pxl-featured-img\">\n                                <img loading=\"lazy\" decoding=\"async\" class=\"no-lazyload \" src=\"https:\/\/tgin.cat\/wp-content\/uploads\/2025\/12\/lamolinaweb1-894x597.jpg\" width=\"894\" height=\"597\" alt=\"Imagen fotorrealista diurna del conjunto de viviendas en entorno natural\" title=\"Adobe Photoshop PDF\" \/>                                <span class=\"pxl-post--overlay\"><\/span>\n                            <\/div>\n                        <\/div>\n                        <div class=\"pxl-post--holder\">\n                            <div class=\"pxl-content-holder\">\n                                <div class=\"pxl-category-title\">\n                                    <h6 class=\"pxl-post--title title-hover-line\">\n                                        <a class=\"pxl-holder-link\" href=\"https:\/\/tgin.cat\/es\/portfolio\/5-casas-y-5-apartamentos-en-la-molina\/\">\n                                            5 casas y 5 apartamentos en La Molina                                        <\/a>\n                                    <\/h6>\n                                                                            <div class=\"pxl-category\">\n                                            <div class=\"pxl-post--category no_a\">\n                                                Vivienda privada                                            <\/div>\n                                        <\/div>\n                                                                    <\/div>\n                                <div class=\"pxl-excerpt-btn\">\n                                                                            <div class=\"pxl-item--content\">\n                                            Proyecto de vivienda privada situada en un entorno natural de alta monta\u00f1a, concebida como un conjunto residencial que integra...                                        <\/div>\n                                                                                                                <div class=\"pxl-post--btn\">\n                                            <a class=\"pxl-item-btn btn pxl-icon-active  btn-style1  pxl-icon--right\" href=\"https:\/\/tgin.cat\/es\/portfolio\/5-casas-y-5-apartamentos-en-la-molina\/\">\n                                                <svg xmlns=\"http:\/\/www.w3.org\/2000\/svg\" class=\"pxl-button-arrow\" width=\"23\" height=\"13\" viewBox=\"0 0 23 13\" fill=\"none\"><path d=\"M0 6.5H22M22 6.5L16 1M22 6.5L16 12\" stroke=\"#121212\" stroke-width=\"1.5\" stroke-linejoin=\"round\"><\/path><\/svg>\n                                                <span class=\"pxl-btn-title\">Ver proyecto<\/span>\n                                            <\/a>\n                                        <\/div>\n                                                                    <\/div>\n                            <\/div>\n                        <\/div>\n                    <\/div>\n                <\/div>\n                                    <div class=\"pxl-grid-item col-xl-6 col-lg-6 col-md-12 col-sm-12 col-12 equipamientos\">\n                    <div class=\"pxl-post--inner \" data-wow-duration=\"1.2s\">\n                        <div class=\"pxl-post--featured hover-imge-effect3\">\n                            <div class=\"pxl-featured-img\">\n                                <img loading=\"lazy\" decoding=\"async\" class=\"no-lazyload \" src=\"https:\/\/tgin.cat\/wp-content\/uploads\/2025\/12\/20-01-hostalets-F-895x546.jpg\" width=\"895\" height=\"546\" alt=\"Fachada principal del CEIP Renaixen\u00e7a en Hostalets de Pierola\" title=\"20-01 hostalets F\" \/>                                <span class=\"pxl-post--overlay\"><\/span>\n                            <\/div>\n                        <\/div>\n                        <div class=\"pxl-post--holder\">\n                            <div class=\"pxl-content-holder\">\n                                <div class=\"pxl-category-title\">\n                                    <h6 class=\"pxl-post--title title-hover-line\">\n                                        <a class=\"pxl-holder-link\" href=\"https:\/\/tgin.cat\/es\/portfolio\/ceip-renaixenca-en-hostalets-de-pierola\/\">\n                                            CEIP &#8220;Renaixen\u00e7a&#8221; en Hostalets de Pierola                                        <\/a>\n                                    <\/h6>\n                                                                            <div class=\"pxl-category\">\n                                            <div class=\"pxl-post--category no_a\">\n                                                Equipamientos                                            <\/div>\n                                        <\/div>\n                                                                    <\/div>\n                                <div class=\"pxl-excerpt-btn\">\n                                                                            <div class=\"pxl-item--content\">\n                                            El CEIP Renaixen\u00e7a en Els Hostalets de Pierola se plantea como un equipamiento educativo funcional y claro, pensado para dar respuesta...                                        <\/div>\n                                                                                                                <div class=\"pxl-post--btn\">\n                                            <a class=\"pxl-item-btn btn pxl-icon-active  btn-style1  pxl-icon--right\" href=\"https:\/\/tgin.cat\/es\/portfolio\/ceip-renaixenca-en-hostalets-de-pierola\/\">\n                                                <svg xmlns=\"http:\/\/www.w3.org\/2000\/svg\" class=\"pxl-button-arrow\" width=\"23\" height=\"13\" viewBox=\"0 0 23 13\" fill=\"none\"><path d=\"M0 6.5H22M22 6.5L16 1M22 6.5L16 12\" stroke=\"#121212\" stroke-width=\"1.5\" stroke-linejoin=\"round\"><\/path><\/svg>\n                                                <span class=\"pxl-btn-title\">Ver proyecto<\/span>\n                                            <\/a>\n                                        <\/div>\n                                                                    <\/div>\n                            <\/div>\n                        <\/div>\n                    <\/div>\n                <\/div>\n                                    <div class=\"pxl-grid-item col-xl-6 col-lg-6 col-md-12 col-sm-12 col-12 vivienda-privada\">\n                    <div class=\"pxl-post--inner \" data-wow-duration=\"1.2s\">\n                        <div class=\"pxl-post--featured hover-imge-effect3\">\n                            <div class=\"pxl-featured-img\">\n                                <img loading=\"lazy\" decoding=\"async\" class=\"no-lazyload \" src=\"https:\/\/tgin.cat\/wp-content\/uploads\/2025\/12\/pro-07-rehabilitacio-habitatge-a.jpg\" width=\"378\" height=\"302\" alt=\"Fachada de dos viviendas ceretanas rehabilitadas en entorno natural\" title=\"pro-07-rehabilitacio-habitatge-a\" \/>                                <span class=\"pxl-post--overlay\"><\/span>\n                            <\/div>\n                        <\/div>\n                        <div class=\"pxl-post--holder\">\n                            <div class=\"pxl-content-holder\">\n                                <div class=\"pxl-category-title\">\n                                    <h6 class=\"pxl-post--title title-hover-line\">\n                                        <a class=\"pxl-holder-link\" href=\"https:\/\/tgin.cat\/es\/portfolio\/rehabilitacion-de-2-viviendas-ceretanas\/\">\n                                            Rehabilitaci\u00f3n de 2 viviendas ceretanas                                        <\/a>\n                                    <\/h6>\n                                                                            <div class=\"pxl-category\">\n                                            <div class=\"pxl-post--category no_a\">\n                                                Vivienda privada                                            <\/div>\n                                        <\/div>\n                                                                    <\/div>\n                                <div class=\"pxl-excerpt-btn\">\n                                                                            <div class=\"pxl-item--content\">\n                                            La rehabilitaci\u00f3n de dos viviendas ceretanas parte del respeto por la arquitectura tradicional y su entorno natural,...                                        <\/div>\n                                                                                                                <div class=\"pxl-post--btn\">\n                                            <a class=\"pxl-item-btn btn pxl-icon-active  btn-style1  pxl-icon--right\" href=\"https:\/\/tgin.cat\/es\/portfolio\/rehabilitacion-de-2-viviendas-ceretanas\/\">\n                                                <svg xmlns=\"http:\/\/www.w3.org\/2000\/svg\" class=\"pxl-button-arrow\" width=\"23\" height=\"13\" viewBox=\"0 0 23 13\" fill=\"none\"><path d=\"M0 6.5H22M22 6.5L16 1M22 6.5L16 12\" stroke=\"#121212\" stroke-width=\"1.5\" stroke-linejoin=\"round\"><\/path><\/svg>\n                                                <span class=\"pxl-btn-title\">Ver proyecto<\/span>\n                                            <\/a>\n                                        <\/div>\n                                                                    <\/div>\n                            <\/div>\n                        <\/div>\n                    <\/div>\n                <\/div>\n                                    <div class=\"pxl-grid-item col-xl-6 col-lg-6 col-md-12 col-sm-12 col-12 vivienda-privada\">\n                    <div class=\"pxl-post--inner \" data-wow-duration=\"1.2s\">\n                        <div class=\"pxl-post--featured hover-imge-effect3\">\n                            <div class=\"pxl-featured-img\">\n                                <img loading=\"lazy\" decoding=\"async\" class=\"no-lazyload \" src=\"https:\/\/tgin.cat\/wp-content\/uploads\/2025\/12\/02-04-Estoll-F-895x597.jpg\" width=\"895\" height=\"597\" alt=\"Acceso desde la calle a una vivienda adosada del conjunto residencial\" title=\"02-04 Estoll F\" \/>                                <span class=\"pxl-post--overlay\"><\/span>\n                            <\/div>\n                        <\/div>\n                        <div class=\"pxl-post--holder\">\n                            <div class=\"pxl-content-holder\">\n                                <div class=\"pxl-category-title\">\n                                    <h6 class=\"pxl-post--title title-hover-line\">\n                                        <a class=\"pxl-holder-link\" href=\"https:\/\/tgin.cat\/es\/portfolio\/8-viviendas-adosadas-ceretanas-en-estoll\/\">\n                                            8 viviendas adosadas ceretanas en Estoll                                        <\/a>\n                                    <\/h6>\n                                                                            <div class=\"pxl-category\">\n                                            <div class=\"pxl-post--category no_a\">\n                                                Vivienda privada                                            <\/div>\n                                        <\/div>\n                                                                    <\/div>\n                                <div class=\"pxl-excerpt-btn\">\n                                                                            <div class=\"pxl-item--content\">\n                                            Este conjunto de ocho viviendas adosadas a Estoll plantea una arquitectura residencial adaptada al contexto ceretano, con una...                                        <\/div>\n                                                                                                                <div class=\"pxl-post--btn\">\n                                            <a class=\"pxl-item-btn btn pxl-icon-active  btn-style1  pxl-icon--right\" href=\"https:\/\/tgin.cat\/es\/portfolio\/8-viviendas-adosadas-ceretanas-en-estoll\/\">\n                                                <svg xmlns=\"http:\/\/www.w3.org\/2000\/svg\" class=\"pxl-button-arrow\" width=\"23\" height=\"13\" viewBox=\"0 0 23 13\" fill=\"none\"><path d=\"M0 6.5H22M22 6.5L16 1M22 6.5L16 12\" stroke=\"#121212\" stroke-width=\"1.5\" stroke-linejoin=\"round\"><\/path><\/svg>\n                                                <span class=\"pxl-btn-title\">Ver proyecto<\/span>\n                                            <\/a>\n                                        <\/div>\n                                                                    <\/div>\n                            <\/div>\n                        <\/div>\n                    <\/div>\n                <\/div>\n                                    <div class=\"pxl-grid-item col-xl-6 col-lg-6 col-md-12 col-sm-12 col-12 vivienda-privada\">\n                    <div class=\"pxl-post--inner \" data-wow-duration=\"1.2s\">\n                        <div class=\"pxl-post--featured hover-imge-effect3\">\n                            <div class=\"pxl-featured-img\">\n                                <img loading=\"lazy\" decoding=\"async\" class=\"no-lazyload \" src=\"https:\/\/tgin.cat\/wp-content\/uploads\/2003\/06\/portada_rehabilitacio_maria_cubi.jpg\" width=\"760\" height=\"543\" alt=\"rehabilitaci\u00f3n de fachada de edificio en Barcelona\" title=\"portada_rehabilitacio_maria_cubi\" \/>                                <span class=\"pxl-post--overlay\"><\/span>\n                            <\/div>\n                        <\/div>\n                        <div class=\"pxl-post--holder\">\n                            <div class=\"pxl-content-holder\">\n                                <div class=\"pxl-category-title\">\n                                    <h6 class=\"pxl-post--title title-hover-line\">\n                                        <a class=\"pxl-holder-link\" href=\"https:\/\/tgin.cat\/es\/portfolio\/rehabilitacion-de-un-edificio-en-barcelona\/\">\n                                            Rehabilitaci\u00f3n de un edificio en Barcelona                                        <\/a>\n                                    <\/h6>\n                                                                            <div class=\"pxl-category\">\n                                            <div class=\"pxl-post--category no_a\">\n                                                Vivienda privada                                            <\/div>\n                                        <\/div>\n                                                                    <\/div>\n                                <div class=\"pxl-excerpt-btn\">\n                                                                            <div class=\"pxl-item--content\">\n                                            La rehabilitaci\u00f3n de este edificio situado en la calle Mari\u00e0 Cub\u00ed, en Barcelona, \u200b\u200baborda la puesta al d\u00eda de la arquitectura existente...                                        <\/div>\n                                                                                                                <div class=\"pxl-post--btn\">\n                                            <a class=\"pxl-item-btn btn pxl-icon-active  btn-style1  pxl-icon--right\" href=\"https:\/\/tgin.cat\/es\/portfolio\/rehabilitacion-de-un-edificio-en-barcelona\/\">\n                                                <svg xmlns=\"http:\/\/www.w3.org\/2000\/svg\" class=\"pxl-button-arrow\" width=\"23\" height=\"13\" viewBox=\"0 0 23 13\" fill=\"none\"><path d=\"M0 6.5H22M22 6.5L16 1M22 6.5L16 12\" stroke=\"#121212\" stroke-width=\"1.5\" stroke-linejoin=\"round\"><\/path><\/svg>\n                                                <span class=\"pxl-btn-title\">Ver proyecto<\/span>\n                                            <\/a>\n                                        <\/div>\n                                                                    <\/div>\n                            <\/div>\n                        <\/div>\n                    <\/div>\n                <\/div>\n                        <\/div>\n        <\/div>\t\t\t\t<\/div>\n\t\t\t\t<\/div>\n\t\t\t\t<\/div>\r\n\t\t\t\t\t<\/div>\r\n\t\t\t\t<\/div>\r\n\t\t\t\t<\/div>\n\t\t","protected":false},"excerpt":{"rendered":"<p>Proyectos Todos los proyectos Equipamientos Vivienda privada Vivienda p\u00fablica Centro Residencial Educativo en Badalona &#8211; C.R.A.E. Equipamientos The Residential Educational Center in Badalona is conceived as a facility at the service of reception and educational support&#8230; Ver proyecto Iglesia Ortodoxa Rumana de Barcelona Equipamientos Este proyecto para la Iglesia Ortodoxa Rumana de Barcelona plantea un [&hellip;]<\/p>\n","protected":false},"author":1,"featured_media":0,"parent":0,"menu_order":0,"comment_status":"closed","ping_status":"closed","template":"","meta":{"footnotes":""},"class_list":["post-16440","page","type-page","status-publish","hentry"],"yoast_head":"<!-- This site is optimized with the Yoast SEO plugin v26.7 - https:\/\/yoast.com\/wordpress\/plugins\/seo\/ -->\n<title>Proyectos de arquitectura | Arquitectura TGIN<\/title>\n<meta name=\"description\" content=\"Selecci\u00f3n de proyectos de arquitectura desarrollados por Arquitectura TGIN en el \u00e1mbito de la vivienda p\u00fablica, equipamientos y arquitectura contempor\u00e1nea.\" \/>\n<meta name=\"robots\" content=\"index, follow, max-snippet:-1, max-image-preview:large, max-video-preview:-1\" \/>\n<link rel=\"canonical\" href=\"https:\/\/tgin.cat\/es\/proyectos\/\" \/>\n<meta property=\"og:locale\" content=\"es_ES\" \/>\n<meta property=\"og:type\" content=\"article\" \/>\n<meta property=\"og:title\" content=\"Proyectos de arquitectura | Arquitectura TGIN\" \/>\n<meta property=\"og:description\" content=\"Selecci\u00f3n de proyectos de arquitectura desarrollados por Arquitectura TGIN en el \u00e1mbito de la vivienda p\u00fablica, equipamientos y arquitectura contempor\u00e1nea.\" \/>\n<meta property=\"og:url\" content=\"https:\/\/tgin.cat\/es\/proyectos\/\" \/>\n<meta property=\"og:site_name\" content=\"Arquitectura TGIN | Estudi d\u2019arquitectura\" \/>\n<meta property=\"article:modified_time\" content=\"2026-01-05T10:13:15+00:00\" \/>\n<meta property=\"og:image\" content=\"https:\/\/tgin.cat\/wp-content\/uploads\/2025\/12\/fotomuntatge-CRAE-scaled-895x597.jpg\" \/>\n<meta name=\"twitter:card\" content=\"summary_large_image\" \/>\n<meta name=\"twitter:label1\" content=\"Tiempo de lectura\" \/>\n\t<meta name=\"twitter:data1\" content=\"7 minutos\" \/>\n<script type=\"application\/ld+json\" class=\"yoast-schema-graph\">{\"@context\":\"https:\/\/schema.org\",\"@graph\":[{\"@type\":\"WebPage\",\"@id\":\"https:\/\/tgin.cat\/es\/proyectos\/\",\"url\":\"https:\/\/tgin.cat\/es\/proyectos\/\",\"name\":\"Proyectos de arquitectura | Arquitectura TGIN\",\"isPartOf\":{\"@id\":\"https:\/\/tgin.cat\/es\/#website\"},\"primaryImageOfPage\":{\"@id\":\"https:\/\/tgin.cat\/es\/proyectos\/#primaryimage\"},\"image\":{\"@id\":\"https:\/\/tgin.cat\/es\/proyectos\/#primaryimage\"},\"thumbnailUrl\":\"https:\/\/tgin.cat\/wp-content\/uploads\/2025\/12\/fotomuntatge-CRAE-scaled-895x597.jpg\",\"datePublished\":\"2025-11-30T00:15:02+00:00\",\"dateModified\":\"2026-01-05T10:13:15+00:00\",\"description\":\"Selecci\u00f3n de proyectos de arquitectura desarrollados por Arquitectura TGIN en el \u00e1mbito de la vivienda p\u00fablica, equipamientos y arquitectura contempor\u00e1nea.\",\"breadcrumb\":{\"@id\":\"https:\/\/tgin.cat\/es\/proyectos\/#breadcrumb\"},\"inLanguage\":\"es\",\"potentialAction\":[{\"@type\":\"ReadAction\",\"target\":[\"https:\/\/tgin.cat\/es\/proyectos\/\"]}]},{\"@type\":\"ImageObject\",\"inLanguage\":\"es\",\"@id\":\"https:\/\/tgin.cat\/es\/proyectos\/#primaryimage\",\"url\":\"https:\/\/tgin.cat\/wp-content\/uploads\/2025\/12\/fotomuntatge-CRAE-scaled-895x597.jpg\",\"contentUrl\":\"https:\/\/tgin.cat\/wp-content\/uploads\/2025\/12\/fotomuntatge-CRAE-scaled-895x597.jpg\"},{\"@type\":\"BreadcrumbList\",\"@id\":\"https:\/\/tgin.cat\/es\/proyectos\/#breadcrumb\",\"itemListElement\":[{\"@type\":\"ListItem\",\"position\":1,\"name\":\"Portada\",\"item\":\"https:\/\/tgin.cat\/es\/\"},{\"@type\":\"ListItem\",\"position\":2,\"name\":\"Proyectos\"}]},{\"@type\":\"WebSite\",\"@id\":\"https:\/\/tgin.cat\/es\/#website\",\"url\":\"https:\/\/tgin.cat\/es\/\",\"name\":\"Arquitectura TGIN\",\"description\":\"Arquitectura contempor\u00e0nia amb criteri, precisi\u00f3 i visi\u00f3 a llarg termini\",\"publisher\":{\"@id\":\"https:\/\/tgin.cat\/es\/#organization\"},\"potentialAction\":[{\"@type\":\"SearchAction\",\"target\":{\"@type\":\"EntryPoint\",\"urlTemplate\":\"https:\/\/tgin.cat\/es\/?s={search_term_string}\"},\"query-input\":{\"@type\":\"PropertyValueSpecification\",\"valueRequired\":true,\"valueName\":\"search_term_string\"}}],\"inLanguage\":\"es\"},{\"@type\":\"Organization\",\"@id\":\"https:\/\/tgin.cat\/es\/#organization\",\"name\":\"Arquitectura TGIN\",\"url\":\"https:\/\/tgin.cat\/es\/\",\"logo\":{\"@type\":\"ImageObject\",\"inLanguage\":\"es\",\"@id\":\"https:\/\/tgin.cat\/es\/#\/schema\/logo\/image\/\",\"url\":\"https:\/\/tgin.cat\/wp-content\/uploads\/2025\/12\/tgin_logo_negro_web.png\",\"contentUrl\":\"https:\/\/tgin.cat\/wp-content\/uploads\/2025\/12\/tgin_logo_negro_web.png\",\"width\":449,\"height\":450,\"caption\":\"Arquitectura TGIN\"},\"image\":{\"@id\":\"https:\/\/tgin.cat\/es\/#\/schema\/logo\/image\/\"}}]}<\/script>\n<!-- \/ Yoast SEO plugin. -->","yoast_head_json":{"title":"Proyectos de arquitectura | Arquitectura TGIN","description":"Selecci\u00f3n de proyectos de arquitectura desarrollados por Arquitectura TGIN en el \u00e1mbito de la vivienda p\u00fablica, equipamientos y arquitectura contempor\u00e1nea.","robots":{"index":"index","follow":"follow","max-snippet":"max-snippet:-1","max-image-preview":"max-image-preview:large","max-video-preview":"max-video-preview:-1"},"canonical":"https:\/\/tgin.cat\/es\/proyectos\/","og_locale":"es_ES","og_type":"article","og_title":"Proyectos de arquitectura | Arquitectura TGIN","og_description":"Selecci\u00f3n de proyectos de arquitectura desarrollados por Arquitectura TGIN en el \u00e1mbito de la vivienda p\u00fablica, equipamientos y arquitectura contempor\u00e1nea.","og_url":"https:\/\/tgin.cat\/es\/proyectos\/","og_site_name":"Arquitectura TGIN | Estudi d\u2019arquitectura","article_modified_time":"2026-01-05T10:13:15+00:00","og_image":[{"url":"https:\/\/tgin.cat\/wp-content\/uploads\/2025\/12\/fotomuntatge-CRAE-scaled-895x597.jpg","type":"","width":"","height":""}],"twitter_card":"summary_large_image","twitter_misc":{"Tiempo de lectura":"7 minutos"},"schema":{"@context":"https:\/\/schema.org","@graph":[{"@type":"WebPage","@id":"https:\/\/tgin.cat\/es\/proyectos\/","url":"https:\/\/tgin.cat\/es\/proyectos\/","name":"Proyectos de arquitectura | Arquitectura TGIN","isPartOf":{"@id":"https:\/\/tgin.cat\/es\/#website"},"primaryImageOfPage":{"@id":"https:\/\/tgin.cat\/es\/proyectos\/#primaryimage"},"image":{"@id":"https:\/\/tgin.cat\/es\/proyectos\/#primaryimage"},"thumbnailUrl":"https:\/\/tgin.cat\/wp-content\/uploads\/2025\/12\/fotomuntatge-CRAE-scaled-895x597.jpg","datePublished":"2025-11-30T00:15:02+00:00","dateModified":"2026-01-05T10:13:15+00:00","description":"Selecci\u00f3n de proyectos de arquitectura desarrollados por Arquitectura TGIN en el \u00e1mbito de la vivienda p\u00fablica, equipamientos y arquitectura contempor\u00e1nea.","breadcrumb":{"@id":"https:\/\/tgin.cat\/es\/proyectos\/#breadcrumb"},"inLanguage":"es","potentialAction":[{"@type":"ReadAction","target":["https:\/\/tgin.cat\/es\/proyectos\/"]}]},{"@type":"ImageObject","inLanguage":"es","@id":"https:\/\/tgin.cat\/es\/proyectos\/#primaryimage","url":"https:\/\/tgin.cat\/wp-content\/uploads\/2025\/12\/fotomuntatge-CRAE-scaled-895x597.jpg","contentUrl":"https:\/\/tgin.cat\/wp-content\/uploads\/2025\/12\/fotomuntatge-CRAE-scaled-895x597.jpg"},{"@type":"BreadcrumbList","@id":"https:\/\/tgin.cat\/es\/proyectos\/#breadcrumb","itemListElement":[{"@type":"ListItem","position":1,"name":"Portada","item":"https:\/\/tgin.cat\/es\/"},{"@type":"ListItem","position":2,"name":"Proyectos"}]},{"@type":"WebSite","@id":"https:\/\/tgin.cat\/es\/#website","url":"https:\/\/tgin.cat\/es\/","name":"Arquitectura TGIN","description":"Arquitectura contempor\u00e0nia amb criteri, precisi\u00f3 i visi\u00f3 a llarg termini","publisher":{"@id":"https:\/\/tgin.cat\/es\/#organization"},"potentialAction":[{"@type":"SearchAction","target":{"@type":"EntryPoint","urlTemplate":"https:\/\/tgin.cat\/es\/?s={search_term_string}"},"query-input":{"@type":"PropertyValueSpecification","valueRequired":true,"valueName":"search_term_string"}}],"inLanguage":"es"},{"@type":"Organization","@id":"https:\/\/tgin.cat\/es\/#organization","name":"Arquitectura TGIN","url":"https:\/\/tgin.cat\/es\/","logo":{"@type":"ImageObject","inLanguage":"es","@id":"https:\/\/tgin.cat\/es\/#\/schema\/logo\/image\/","url":"https:\/\/tgin.cat\/wp-content\/uploads\/2025\/12\/tgin_logo_negro_web.png","contentUrl":"https:\/\/tgin.cat\/wp-content\/uploads\/2025\/12\/tgin_logo_negro_web.png","width":449,"height":450,"caption":"Arquitectura TGIN"},"image":{"@id":"https:\/\/tgin.cat\/es\/#\/schema\/logo\/image\/"}}]}},"_links":{"self":[{"href":"https:\/\/tgin.cat\/es\/wp-json\/wp\/v2\/pages\/16440","targetHints":{"allow":["GET"]}}],"collection":[{"href":"https:\/\/tgin.cat\/es\/wp-json\/wp\/v2\/pages"}],"about":[{"href":"https:\/\/tgin.cat\/es\/wp-json\/wp\/v2\/types\/page"}],"author":[{"embeddable":true,"href":"https:\/\/tgin.cat\/es\/wp-json\/wp\/v2\/users\/1"}],"replies":[{"embeddable":true,"href":"https:\/\/tgin.cat\/es\/wp-json\/wp\/v2\/comments?post=16440"}],"version-history":[{"count":11,"href":"https:\/\/tgin.cat\/es\/wp-json\/wp\/v2\/pages\/16440\/revisions"}],"predecessor-version":[{"id":17340,"href":"https:\/\/tgin.cat\/es\/wp-json\/wp\/v2\/pages\/16440\/revisions\/17340"}],"wp:attachment":[{"href":"https:\/\/tgin.cat\/es\/wp-json\/wp\/v2\/media?parent=16440"}],"curies":[{"name":"wp","href":"https:\/\/api.w.org\/{rel}","templated":true}]}}